{"id":6549,"date":"2025-05-29T11:07:08","date_gmt":"2025-05-29T11:07:08","guid":{"rendered":"https:\/\/www.niamoda.es\/?post_type=product&#038;p=6549"},"modified":"2025-12-16T11:24:12","modified_gmt":"2025-12-16T11:24:12","slug":"vestido-corto-katia-piti-cuiti","status":"publish","type":"product","link":"https:\/\/www.niamoda.es\/index.php\/producto\/vestido-corto-katia-piti-cuiti\/","title":{"rendered":"Vestido corto Katia Piti Cuiti"},"content":{"rendered":"<p>Vestido Piti Cuiti modelo G079<\/p>\n<article class=\"4ever-article\" data-clipboard-cangjie=\"[&quot;root&quot;,{&quot;copyFrom&quot;:1821447655},[&quot;p&quot;,{&quot;jc&quot;:&quot;left&quot;,&quot;ind&quot;:{},&quot;spacing&quot;:{}},[&quot;span&quot;,{&quot;data-type&quot;:&quot;text&quot;},[&quot;span&quot;,{&quot;color&quot;:&quot;rgb(94, 90, 89)&quot;,&quot;sz&quot;:12,&quot;szUnit&quot;:&quot;pt&quot;,&quot;data-type&quot;:&quot;leaf&quot;},&quot;Misterioso y con un toque bohemio, este vestido negro de manga larga es ideal. Las finas l\u00edneas doradas crean un patr\u00f3n que a\u00f1ade un brillo sutil, mientras que el encaje en el dobladillo le da un aire rom\u00e1ntico. El dise\u00f1o holgado es c\u00f3modo y fluido, perfecto para noches de verano o eventos especiales al aire libre. La apertura en la parte frontal, junto con los detalles dorados, se unen en una perfecta armon\u00eda. Las mangas, amplias y aireadas, a\u00f1aden un toque de libertad al dise\u00f1o. Sin duda, es un vestido para quienes buscan destacar con elegancia y sofisticaci\u00f3n.&quot;]]]]\">Misterioso\u00a0y\u00a0con\u00a0un\u00a0toque\u00a0bohemio,\u00a0este\u00a0vestido\u00a0negro\u00a0de\u00a0manga\u00a0larga\u00a0es\u00a0ideal.\u00a0Las\u00a0finas\u00a0l\u00edneas\u00a0doradas\u00a0crean\u00a0un\u00a0patr\u00f3n\u00a0que\u00a0a\u00f1ade\u00a0un\u00a0brillo\u00a0sutil,\u00a0mientras\u00a0que\u00a0el\u00a0encaje\u00a0en\u00a0el\u00a0dobladillo\u00a0le\u00a0da\u00a0un\u00a0aire\u00a0rom\u00e1ntico.\u00a0El\u00a0dise\u00f1o\u00a0holgado\u00a0es\u00a0c\u00f3modo\u00a0y\u00a0fluido,\u00a0perfecto\u00a0para\u00a0noches\u00a0de\u00a0verano\u00a0o\u00a0eventos\u00a0especiales\u00a0al\u00a0aire\u00a0libre.\u00a0La\u00a0apertura\u00a0en\u00a0la\u00a0parte\u00a0frontal,\u00a0junto\u00a0con\u00a0los\u00a0detalles\u00a0dorados,\u00a0se\u00a0unen\u00a0en\u00a0una\u00a0perfecta\u00a0armon\u00eda.\u00a0Las\u00a0mangas,\u00a0amplias\u00a0y\u00a0aireadas,\u00a0a\u00f1aden\u00a0un\u00a0toque\u00a0de\u00a0libertad\u00a0al\u00a0dise\u00f1o.\u00a0Sin\u00a0duda,\u00a0es\u00a0un\u00a0vestido\u00a0para\u00a0quienes\u00a0buscan\u00a0destacar\u00a0con\u00a0elegancia\u00a0y\u00a0sofisticaci\u00f3n.Composici\u00f3n: 100% viscosa.<\/p>\n<p>Lavar a mano, no usar secadora y planchar a baja temperatura.<\/p>\n<p>Disponible \u00fanicamente en talla \u00fanica.<\/p>\n<\/article>\n","protected":false},"excerpt":{"rendered":"<p>Vestido Piti Cuiti modelo G079 Misterioso\u00a0y\u00a0con\u00a0un\u00a0toque\u00a0bohemio,\u00a0este\u00a0vestido\u00a0negro\u00a0de\u00a0manga\u00a0larga\u00a0es\u00a0ideal.\u00a0Las\u00a0finas\u00a0l\u00edneas\u00a0doradas\u00a0crean\u00a0un\u00a0patr\u00f3n\u00a0que\u00a0a\u00f1ade\u00a0un\u00a0brillo\u00a0sutil,\u00a0mientras\u00a0que\u00a0el\u00a0encaje\u00a0en\u00a0el\u00a0dobladillo\u00a0le\u00a0da\u00a0un\u00a0aire\u00a0rom\u00e1ntico.\u00a0El\u00a0dise\u00f1o\u00a0holgado\u00a0es\u00a0c\u00f3modo\u00a0y\u00a0fluido,\u00a0perfecto\u00a0para\u00a0noches\u00a0de\u00a0verano\u00a0o\u00a0eventos\u00a0especiales\u00a0al\u00a0aire\u00a0libre.\u00a0La\u00a0apertura\u00a0en\u00a0la\u00a0parte\u00a0frontal,\u00a0junto\u00a0con\u00a0los\u00a0detalles\u00a0dorados,\u00a0se\u00a0unen\u00a0en\u00a0una\u00a0perfecta\u00a0armon\u00eda.\u00a0Las\u00a0mangas,\u00a0amplias\u00a0y\u00a0aireadas,\u00a0a\u00f1aden\u00a0un\u00a0toque\u00a0de\u00a0libertad\u00a0al\u00a0dise\u00f1o.\u00a0Sin\u00a0duda,\u00a0es\u00a0un\u00a0vestido\u00a0para\u00a0quienes\u00a0buscan\u00a0destacar\u00a0con\u00a0elegancia\u00a0y\u00a0sofisticaci\u00f3n.Composici\u00f3n: 100% viscosa. Lavar a mano, no usar secadora y planchar a baja temperatura. Disponible \u00fanicamente en talla \u00fanica.<\/p>\n","protected":false},"featured_media":6552,"comment_status":"open","ping_status":"closed","template":"","meta":{"_monsterinsights_skip_tracking":false,"_monsterinsights_sitenote_active":false,"_monsterinsights_sitenote_note":"","_monsterinsights_sitenote_category":0},"product_cat":[70,15,21],"product_tag":[66,99,95],"class_list":{"0":"post-6549","1":"product","2":"type-product","3":"status-publish","4":"has-post-thumbnail","6":"product_cat-vestidos","7":"product_cat-mujer","8":"product_cat-ofertas","9":"product_tag-mujer","10":"product_tag-ofertas","11":"product_tag-vestidos","13":"first","14":"instock","15":"sale","16":"sold-individually","17":"taxable","18":"shipping-taxable","19":"purchasable","20":"product-type-variable","21":"add-to-wishlist-after_add_to_cart"},"yoast_head":"<!-- This site is optimized with the Yoast SEO plugin v23.2 - https:\/\/yoast.com\/wordpress\/plugins\/seo\/ -->\n<title>Vestido corto Katia Piti Cuiti - Nia Moda - Moda y Belleza<\/title>\n<meta name=\"robots\" content=\"index, follow, max-snippet:-1, max-image-preview:large, max-video-preview:-1\" \/>\n<link rel=\"canonical\" href=\"https:\/\/www.niamoda.es\/index.php\/producto\/vestido-corto-katia-piti-cuiti\/\" \/>\n<meta property=\"og:locale\" content=\"es_ES\" \/>\n<meta property=\"og:type\" content=\"article\" \/>\n<meta property=\"og:title\" content=\"Vestido corto Katia Piti Cuiti - Nia Moda - Moda y Belleza\" \/>\n<meta property=\"og:description\" content=\"Vestido Piti Cuiti modelo G079 Misterioso\u00a0y\u00a0con\u00a0un\u00a0toque\u00a0bohemio,\u00a0este\u00a0vestido\u00a0negro\u00a0de\u00a0manga\u00a0larga\u00a0es\u00a0ideal.\u00a0Las\u00a0finas\u00a0l\u00edneas\u00a0doradas\u00a0crean\u00a0un\u00a0patr\u00f3n\u00a0que\u00a0a\u00f1ade\u00a0un\u00a0brillo\u00a0sutil,\u00a0mientras\u00a0que\u00a0el\u00a0encaje\u00a0en\u00a0el\u00a0dobladillo\u00a0le\u00a0da\u00a0un\u00a0aire\u00a0rom\u00e1ntico.\u00a0El\u00a0dise\u00f1o\u00a0holgado\u00a0es\u00a0c\u00f3modo\u00a0y\u00a0fluido,\u00a0perfecto\u00a0para\u00a0noches\u00a0de\u00a0verano\u00a0o\u00a0eventos\u00a0especiales\u00a0al\u00a0aire\u00a0libre.\u00a0La\u00a0apertura\u00a0en\u00a0la\u00a0parte\u00a0frontal,\u00a0junto\u00a0con\u00a0los\u00a0detalles\u00a0dorados,\u00a0se\u00a0unen\u00a0en\u00a0una\u00a0perfecta\u00a0armon\u00eda.\u00a0Las\u00a0mangas,\u00a0amplias\u00a0y\u00a0aireadas,\u00a0a\u00f1aden\u00a0un\u00a0toque\u00a0de\u00a0libertad\u00a0al\u00a0dise\u00f1o.\u00a0Sin\u00a0duda,\u00a0es\u00a0un\u00a0vestido\u00a0para\u00a0quienes\u00a0buscan\u00a0destacar\u00a0con\u00a0elegancia\u00a0y\u00a0sofisticaci\u00f3n.Composici\u00f3n: 100% viscosa. Lavar a mano, no usar secadora y planchar a baja temperatura. Disponible \u00fanicamente en talla \u00fanica.\" \/>\n<meta property=\"og:url\" content=\"https:\/\/www.niamoda.es\/index.php\/producto\/vestido-corto-katia-piti-cuiti\/\" \/>\n<meta property=\"og:site_name\" content=\"Nia Moda - Moda y Belleza\" \/>\n<meta property=\"article:modified_time\" content=\"2025-12-16T11:24:12+00:00\" \/>\n<meta property=\"og:image\" content=\"https:\/\/www.niamoda.es\/wp-content\/uploads\/2025\/05\/PITICUITI_CAMPANA_WEB_00-259-1.webp\" \/>\n\t<meta property=\"og:image:width\" content=\"1503\" \/>\n\t<meta property=\"og:image:height\" content=\"2254\" \/>\n\t<meta property=\"og:image:type\" content=\"image\/webp\" \/>\n<meta name=\"twitter:card\" content=\"summary_large_image\" \/>\n<meta name=\"twitter:label1\" content=\"Tiempo de lectura\" \/>\n\t<meta name=\"twitter:data1\" content=\"1 minuto\" \/>\n<script type=\"application\/ld+json\" class=\"yoast-schema-graph\">{\"@context\":\"https:\/\/schema.org\",\"@graph\":[{\"@type\":\"WebPage\",\"@id\":\"https:\/\/www.niamoda.es\/index.php\/producto\/vestido-corto-katia-piti-cuiti\/\",\"url\":\"https:\/\/www.niamoda.es\/index.php\/producto\/vestido-corto-katia-piti-cuiti\/\",\"name\":\"Vestido corto Katia Piti Cuiti - Nia Moda - Moda y Belleza\",\"isPartOf\":{\"@id\":\"https:\/\/www.niamoda.es\/#website\"},\"primaryImageOfPage\":{\"@id\":\"https:\/\/www.niamoda.es\/index.php\/producto\/vestido-corto-katia-piti-cuiti\/#primaryimage\"},\"image\":{\"@id\":\"https:\/\/www.niamoda.es\/index.php\/producto\/vestido-corto-katia-piti-cuiti\/#primaryimage\"},\"thumbnailUrl\":\"https:\/\/www.niamoda.es\/wp-content\/uploads\/2025\/05\/PITICUITI_CAMPANA_WEB_00-259-1.webp\",\"datePublished\":\"2025-05-29T11:07:08+00:00\",\"dateModified\":\"2025-12-16T11:24:12+00:00\",\"breadcrumb\":{\"@id\":\"https:\/\/www.niamoda.es\/index.php\/producto\/vestido-corto-katia-piti-cuiti\/#breadcrumb\"},\"inLanguage\":\"es\",\"potentialAction\":[{\"@type\":\"ReadAction\",\"target\":[\"https:\/\/www.niamoda.es\/index.php\/producto\/vestido-corto-katia-piti-cuiti\/\"]}]},{\"@type\":\"ImageObject\",\"inLanguage\":\"es\",\"@id\":\"https:\/\/www.niamoda.es\/index.php\/producto\/vestido-corto-katia-piti-cuiti\/#primaryimage\",\"url\":\"https:\/\/www.niamoda.es\/wp-content\/uploads\/2025\/05\/PITICUITI_CAMPANA_WEB_00-259-1.webp\",\"contentUrl\":\"https:\/\/www.niamoda.es\/wp-content\/uploads\/2025\/05\/PITICUITI_CAMPANA_WEB_00-259-1.webp\",\"width\":1503,\"height\":2254},{\"@type\":\"BreadcrumbList\",\"@id\":\"https:\/\/www.niamoda.es\/index.php\/producto\/vestido-corto-katia-piti-cuiti\/#breadcrumb\",\"itemListElement\":[{\"@type\":\"ListItem\",\"position\":1,\"name\":\"Portada\",\"item\":\"https:\/\/www.niamoda.es\/\"},{\"@type\":\"ListItem\",\"position\":2,\"name\":\"Tienda\",\"item\":\"https:\/\/www.niamoda.es\/index.php\/tienda\/\"},{\"@type\":\"ListItem\",\"position\":3,\"name\":\"Vestido corto Katia Piti Cuiti\"}]},{\"@type\":\"WebSite\",\"@id\":\"https:\/\/www.niamoda.es\/#website\",\"url\":\"https:\/\/www.niamoda.es\/\",\"name\":\"Nia Moda - Moda y Belleza\",\"description\":\"\",\"publisher\":{\"@id\":\"https:\/\/www.niamoda.es\/#organization\"},\"potentialAction\":[{\"@type\":\"SearchAction\",\"target\":{\"@type\":\"EntryPoint\",\"urlTemplate\":\"https:\/\/www.niamoda.es\/?s={search_term_string}\"},\"query-input\":\"required name=search_term_string\"}],\"inLanguage\":\"es\"},{\"@type\":\"Organization\",\"@id\":\"https:\/\/www.niamoda.es\/#organization\",\"name\":\"N\u00ceA Moda&Belleza\",\"url\":\"https:\/\/www.niamoda.es\/\",\"logo\":{\"@type\":\"ImageObject\",\"inLanguage\":\"es\",\"@id\":\"https:\/\/www.niamoda.es\/#\/schema\/logo\/image\/\",\"url\":\"https:\/\/www.niamoda.es\/wp-content\/uploads\/2026\/03\/nialogo.jpg\",\"contentUrl\":\"https:\/\/www.niamoda.es\/wp-content\/uploads\/2026\/03\/nialogo.jpg\",\"width\":361,\"height\":242,\"caption\":\"N\u00ceA Moda&Belleza\"},\"image\":{\"@id\":\"https:\/\/www.niamoda.es\/#\/schema\/logo\/image\/\"}}]}<\/script>\n<!-- \/ Yoast SEO plugin. -->","yoast_head_json":{"title":"Vestido corto Katia Piti Cuiti - Nia Moda - Moda y Belleza","robots":{"index":"index","follow":"follow","max-snippet":"max-snippet:-1","max-image-preview":"max-image-preview:large","max-video-preview":"max-video-preview:-1"},"canonical":"https:\/\/www.niamoda.es\/index.php\/producto\/vestido-corto-katia-piti-cuiti\/","og_locale":"es_ES","og_type":"article","og_title":"Vestido corto Katia Piti Cuiti - Nia Moda - Moda y Belleza","og_description":"Vestido Piti Cuiti modelo G079 Misterioso\u00a0y\u00a0con\u00a0un\u00a0toque\u00a0bohemio,\u00a0este\u00a0vestido\u00a0negro\u00a0de\u00a0manga\u00a0larga\u00a0es\u00a0ideal.\u00a0Las\u00a0finas\u00a0l\u00edneas\u00a0doradas\u00a0crean\u00a0un\u00a0patr\u00f3n\u00a0que\u00a0a\u00f1ade\u00a0un\u00a0brillo\u00a0sutil,\u00a0mientras\u00a0que\u00a0el\u00a0encaje\u00a0en\u00a0el\u00a0dobladillo\u00a0le\u00a0da\u00a0un\u00a0aire\u00a0rom\u00e1ntico.\u00a0El\u00a0dise\u00f1o\u00a0holgado\u00a0es\u00a0c\u00f3modo\u00a0y\u00a0fluido,\u00a0perfecto\u00a0para\u00a0noches\u00a0de\u00a0verano\u00a0o\u00a0eventos\u00a0especiales\u00a0al\u00a0aire\u00a0libre.\u00a0La\u00a0apertura\u00a0en\u00a0la\u00a0parte\u00a0frontal,\u00a0junto\u00a0con\u00a0los\u00a0detalles\u00a0dorados,\u00a0se\u00a0unen\u00a0en\u00a0una\u00a0perfecta\u00a0armon\u00eda.\u00a0Las\u00a0mangas,\u00a0amplias\u00a0y\u00a0aireadas,\u00a0a\u00f1aden\u00a0un\u00a0toque\u00a0de\u00a0libertad\u00a0al\u00a0dise\u00f1o.\u00a0Sin\u00a0duda,\u00a0es\u00a0un\u00a0vestido\u00a0para\u00a0quienes\u00a0buscan\u00a0destacar\u00a0con\u00a0elegancia\u00a0y\u00a0sofisticaci\u00f3n.Composici\u00f3n: 100% viscosa. Lavar a mano, no usar secadora y planchar a baja temperatura. Disponible \u00fanicamente en talla \u00fanica.","og_url":"https:\/\/www.niamoda.es\/index.php\/producto\/vestido-corto-katia-piti-cuiti\/","og_site_name":"Nia Moda - Moda y Belleza","article_modified_time":"2025-12-16T11:24:12+00:00","og_image":[{"width":1503,"height":2254,"url":"https:\/\/www.niamoda.es\/wp-content\/uploads\/2025\/05\/PITICUITI_CAMPANA_WEB_00-259-1.webp","type":"image\/webp"}],"twitter_card":"summary_large_image","twitter_misc":{"Tiempo de lectura":"1 minuto"},"schema":{"@context":"https:\/\/schema.org","@graph":[{"@type":"WebPage","@id":"https:\/\/www.niamoda.es\/index.php\/producto\/vestido-corto-katia-piti-cuiti\/","url":"https:\/\/www.niamoda.es\/index.php\/producto\/vestido-corto-katia-piti-cuiti\/","name":"Vestido corto Katia Piti Cuiti - Nia Moda - Moda y Belleza","isPartOf":{"@id":"https:\/\/www.niamoda.es\/#website"},"primaryImageOfPage":{"@id":"https:\/\/www.niamoda.es\/index.php\/producto\/vestido-corto-katia-piti-cuiti\/#primaryimage"},"image":{"@id":"https:\/\/www.niamoda.es\/index.php\/producto\/vestido-corto-katia-piti-cuiti\/#primaryimage"},"thumbnailUrl":"https:\/\/www.niamoda.es\/wp-content\/uploads\/2025\/05\/PITICUITI_CAMPANA_WEB_00-259-1.webp","datePublished":"2025-05-29T11:07:08+00:00","dateModified":"2025-12-16T11:24:12+00:00","breadcrumb":{"@id":"https:\/\/www.niamoda.es\/index.php\/producto\/vestido-corto-katia-piti-cuiti\/#breadcrumb"},"inLanguage":"es","potentialAction":[{"@type":"ReadAction","target":["https:\/\/www.niamoda.es\/index.php\/producto\/vestido-corto-katia-piti-cuiti\/"]}]},{"@type":"ImageObject","inLanguage":"es","@id":"https:\/\/www.niamoda.es\/index.php\/producto\/vestido-corto-katia-piti-cuiti\/#primaryimage","url":"https:\/\/www.niamoda.es\/wp-content\/uploads\/2025\/05\/PITICUITI_CAMPANA_WEB_00-259-1.webp","contentUrl":"https:\/\/www.niamoda.es\/wp-content\/uploads\/2025\/05\/PITICUITI_CAMPANA_WEB_00-259-1.webp","width":1503,"height":2254},{"@type":"BreadcrumbList","@id":"https:\/\/www.niamoda.es\/index.php\/producto\/vestido-corto-katia-piti-cuiti\/#breadcrumb","itemListElement":[{"@type":"ListItem","position":1,"name":"Portada","item":"https:\/\/www.niamoda.es\/"},{"@type":"ListItem","position":2,"name":"Tienda","item":"https:\/\/www.niamoda.es\/index.php\/tienda\/"},{"@type":"ListItem","position":3,"name":"Vestido corto Katia Piti Cuiti"}]},{"@type":"WebSite","@id":"https:\/\/www.niamoda.es\/#website","url":"https:\/\/www.niamoda.es\/","name":"Nia Moda - Moda y Belleza","description":"","publisher":{"@id":"https:\/\/www.niamoda.es\/#organization"},"potentialAction":[{"@type":"SearchAction","target":{"@type":"EntryPoint","urlTemplate":"https:\/\/www.niamoda.es\/?s={search_term_string}"},"query-input":"required name=search_term_string"}],"inLanguage":"es"},{"@type":"Organization","@id":"https:\/\/www.niamoda.es\/#organization","name":"N\u00ceA Moda&Belleza","url":"https:\/\/www.niamoda.es\/","logo":{"@type":"ImageObject","inLanguage":"es","@id":"https:\/\/www.niamoda.es\/#\/schema\/logo\/image\/","url":"https:\/\/www.niamoda.es\/wp-content\/uploads\/2026\/03\/nialogo.jpg","contentUrl":"https:\/\/www.niamoda.es\/wp-content\/uploads\/2026\/03\/nialogo.jpg","width":361,"height":242,"caption":"N\u00ceA Moda&Belleza"},"image":{"@id":"https:\/\/www.niamoda.es\/#\/schema\/logo\/image\/"}}]}},"_links":{"self":[{"href":"https:\/\/www.niamoda.es\/index.php\/wp-json\/wp\/v2\/product\/6549","targetHints":{"allow":["GET"]}}],"collection":[{"href":"https:\/\/www.niamoda.es\/index.php\/wp-json\/wp\/v2\/product"}],"about":[{"href":"https:\/\/www.niamoda.es\/index.php\/wp-json\/wp\/v2\/types\/product"}],"replies":[{"embeddable":true,"href":"https:\/\/www.niamoda.es\/index.php\/wp-json\/wp\/v2\/comments?post=6549"}],"wp:featuredmedia":[{"embeddable":true,"href":"https:\/\/www.niamoda.es\/index.php\/wp-json\/wp\/v2\/media\/6552"}],"wp:attachment":[{"href":"https:\/\/www.niamoda.es\/index.php\/wp-json\/wp\/v2\/media?parent=6549"}],"wp:term":[{"taxonomy":"product_cat","embeddable":true,"href":"https:\/\/www.niamoda.es\/index.php\/wp-json\/wp\/v2\/product_cat?post=6549"},{"taxonomy":"product_tag","embeddable":true,"href":"https:\/\/www.niamoda.es\/index.php\/wp-json\/wp\/v2\/product_tag?post=6549"}],"curies":[{"name":"wp","href":"https:\/\/api.w.org\/{rel}","templated":true}]}}