{"id":6608,"date":"2025-06-02T15:58:10","date_gmt":"2025-06-02T15:58:10","guid":{"rendered":"https:\/\/www.niamoda.es\/?post_type=product&#038;p=6608"},"modified":"2025-09-20T18:32:02","modified_gmt":"2025-09-20T18:32:02","slug":"vestido-largo-mauritius-piti-cuiti-para-este-verano","status":"publish","type":"product","link":"https:\/\/www.niamoda.es\/index.php\/producto\/vestido-largo-mauritius-piti-cuiti-para-este-verano\/","title":{"rendered":"Vestido largo Mauritius Piti Cuiti para este verano"},"content":{"rendered":"<p>Vestido Piti Cuiti<\/p>\n<article class=\"4ever-article\" data-clipboard-cangjie=\"[&quot;root&quot;,{&quot;copyFrom&quot;:1821447655},[&quot;p&quot;,{&quot;jc&quot;:&quot;left&quot;,&quot;ind&quot;:{},&quot;spacing&quot;:{}},[&quot;span&quot;,{&quot;data-type&quot;:&quot;text&quot;},[&quot;span&quot;,{&quot;color&quot;:&quot;rgb(94, 90, 89)&quot;,&quot;sz&quot;:12,&quot;szUnit&quot;:&quot;pt&quot;,&quot;data-type&quot;:&quot;leaf&quot;},&quot;Este vestido largo destaca por su delicado estampado paisley en tonos rosados sobre un fondo blanco, acentuado con franjas marrones que definen y enriquecen su dise\u00f1o. El busto del vestido presenta una textura de crochet en un color marr\u00f3n suave, aportando un contraste t\u00e1ctil y visual. Sus finos tirantes, ajustables mediante lazos con borlas. La falda fluye con elegancia hasta el suelo, con volantes que a\u00f1aden movimiento y dinamismo. Su corte, junto con el dise\u00f1o espalda descubierta, realza la figura de manera sutil, haciendo de este vestido una opci\u00f3n ideal para ocasiones especiales o d\u00edas soleados al aire libre. Es una pieza que combina tradici\u00f3n y modernidad con gran armon\u00eda.&quot;]]]]\">Este\u00a0vestido\u00a0largo\u00a0destaca\u00a0por\u00a0su\u00a0delicado\u00a0estampado\u00a0paisley\u00a0en\u00a0tonos\u00a0rosados\u00a0sobre\u00a0un\u00a0fondo\u00a0blanco,\u00a0acentuado\u00a0con\u00a0franjas\u00a0marrones\u00a0que\u00a0definen\u00a0y\u00a0enriquecen\u00a0su\u00a0dise\u00f1o.\u00a0El\u00a0busto\u00a0del\u00a0vestido\u00a0presenta\u00a0una\u00a0textura\u00a0de\u00a0crochet\u00a0en\u00a0un\u00a0color\u00a0marr\u00f3n\u00a0suave,\u00a0aportando\u00a0un\u00a0contraste\u00a0t\u00e1ctil\u00a0y\u00a0visual.\u00a0Sus\u00a0finos\u00a0tirantes,\u00a0ajustables\u00a0mediante\u00a0lazos\u00a0con\u00a0borlas.\u00a0La\u00a0falda\u00a0fluye\u00a0con\u00a0elegancia\u00a0hasta\u00a0el\u00a0suelo,\u00a0con\u00a0volantes\u00a0que\u00a0a\u00f1aden\u00a0movimiento\u00a0y\u00a0dinamismo.\u00a0Su\u00a0corte,\u00a0junto\u00a0con\u00a0el\u00a0dise\u00f1o\u00a0espalda\u00a0descubierta,\u00a0realza\u00a0la\u00a0figura\u00a0de\u00a0manera\u00a0sutil,\u00a0haciendo\u00a0de\u00a0este\u00a0vestido\u00a0una\u00a0opci\u00f3n\u00a0ideal\u00a0para\u00a0ocasiones\u00a0especiales\u00a0o\u00a0d\u00edas\u00a0soleados\u00a0al\u00a0aire\u00a0libre.\u00a0Es\u00a0una\u00a0pieza\u00a0que\u00a0combina\u00a0tradici\u00f3n\u00a0y\u00a0modernidad\u00a0con\u00a0gran\u00a0armon\u00eda.Composici\u00f3n: 100% algod\u00f3n.<\/p>\n<p>Lavar a mano, no usar secadora y planchar a baja temperatura.<\/p>\n<p>Disponible en tallas: S\/M y M\/L.<\/p>\n<\/article>\n","protected":false},"excerpt":{"rendered":"<p>Vestido Piti Cuiti Este\u00a0vestido\u00a0largo\u00a0destaca\u00a0por\u00a0su\u00a0delicado\u00a0estampado\u00a0paisley\u00a0en\u00a0tonos\u00a0rosados\u00a0sobre\u00a0un\u00a0fondo\u00a0blanco,\u00a0acentuado\u00a0con\u00a0franjas\u00a0marrones\u00a0que\u00a0definen\u00a0y\u00a0enriquecen\u00a0su\u00a0dise\u00f1o.\u00a0El\u00a0busto\u00a0del\u00a0vestido\u00a0presenta\u00a0una\u00a0textura\u00a0de\u00a0crochet\u00a0en\u00a0un\u00a0color\u00a0marr\u00f3n\u00a0suave,\u00a0aportando\u00a0un\u00a0contraste\u00a0t\u00e1ctil\u00a0y\u00a0visual.\u00a0Sus\u00a0finos\u00a0tirantes,\u00a0ajustables\u00a0mediante\u00a0lazos\u00a0con\u00a0borlas.\u00a0La\u00a0falda\u00a0fluye\u00a0con\u00a0elegancia\u00a0hasta\u00a0el\u00a0suelo,\u00a0con\u00a0volantes\u00a0que\u00a0a\u00f1aden\u00a0movimiento\u00a0y\u00a0dinamismo.\u00a0Su\u00a0corte,\u00a0junto\u00a0con\u00a0el\u00a0dise\u00f1o\u00a0espalda\u00a0descubierta,\u00a0realza\u00a0la\u00a0figura\u00a0de\u00a0manera\u00a0sutil,\u00a0haciendo\u00a0de\u00a0este\u00a0vestido\u00a0una\u00a0opci\u00f3n\u00a0ideal\u00a0para\u00a0ocasiones\u00a0especiales\u00a0o\u00a0d\u00edas\u00a0soleados\u00a0al\u00a0aire\u00a0libre.\u00a0Es\u00a0una\u00a0pieza\u00a0que\u00a0combina\u00a0tradici\u00f3n\u00a0y\u00a0modernidad\u00a0con\u00a0gran\u00a0armon\u00eda.Composici\u00f3n: 100% algod\u00f3n. Lavar a mano, no usar secadora y planchar a baja temperatura. Disponible en tallas: S\/M y M\/L.<\/p>\n","protected":false},"featured_media":6611,"comment_status":"open","ping_status":"closed","template":"","meta":{"_monsterinsights_skip_tracking":false,"_monsterinsights_sitenote_active":false,"_monsterinsights_sitenote_note":"","_monsterinsights_sitenote_category":0},"product_cat":[70,15,21],"product_tag":[66,99,95],"class_list":{"0":"post-6608","1":"product","2":"type-product","3":"status-publish","4":"has-post-thumbnail","6":"product_cat-vestidos","7":"product_cat-mujer","8":"product_cat-ofertas","9":"product_tag-mujer","10":"product_tag-ofertas","11":"product_tag-vestidos","13":"first","14":"instock","15":"sale","16":"sold-individually","17":"taxable","18":"shipping-taxable","19":"purchasable","20":"product-type-variable","21":"add-to-wishlist-after_add_to_cart"},"yoast_head":"<!-- This site is optimized with the Yoast SEO plugin v23.2 - https:\/\/yoast.com\/wordpress\/plugins\/seo\/ -->\n<title>Vestido largo Mauritius Piti Cuiti para este verano - Nia Moda - Moda y Belleza<\/title>\n<meta name=\"robots\" content=\"index, follow, max-snippet:-1, max-image-preview:large, max-video-preview:-1\" \/>\n<link rel=\"canonical\" href=\"https:\/\/www.niamoda.es\/index.php\/producto\/vestido-largo-mauritius-piti-cuiti-para-este-verano\/\" \/>\n<meta property=\"og:locale\" content=\"es_ES\" \/>\n<meta property=\"og:type\" content=\"article\" \/>\n<meta property=\"og:title\" content=\"Vestido largo Mauritius Piti Cuiti para este verano - Nia Moda - Moda y Belleza\" \/>\n<meta property=\"og:description\" content=\"Vestido Piti Cuiti Este\u00a0vestido\u00a0largo\u00a0destaca\u00a0por\u00a0su\u00a0delicado\u00a0estampado\u00a0paisley\u00a0en\u00a0tonos\u00a0rosados\u00a0sobre\u00a0un\u00a0fondo\u00a0blanco,\u00a0acentuado\u00a0con\u00a0franjas\u00a0marrones\u00a0que\u00a0definen\u00a0y\u00a0enriquecen\u00a0su\u00a0dise\u00f1o.\u00a0El\u00a0busto\u00a0del\u00a0vestido\u00a0presenta\u00a0una\u00a0textura\u00a0de\u00a0crochet\u00a0en\u00a0un\u00a0color\u00a0marr\u00f3n\u00a0suave,\u00a0aportando\u00a0un\u00a0contraste\u00a0t\u00e1ctil\u00a0y\u00a0visual.\u00a0Sus\u00a0finos\u00a0tirantes,\u00a0ajustables\u00a0mediante\u00a0lazos\u00a0con\u00a0borlas.\u00a0La\u00a0falda\u00a0fluye\u00a0con\u00a0elegancia\u00a0hasta\u00a0el\u00a0suelo,\u00a0con\u00a0volantes\u00a0que\u00a0a\u00f1aden\u00a0movimiento\u00a0y\u00a0dinamismo.\u00a0Su\u00a0corte,\u00a0junto\u00a0con\u00a0el\u00a0dise\u00f1o\u00a0espalda\u00a0descubierta,\u00a0realza\u00a0la\u00a0figura\u00a0de\u00a0manera\u00a0sutil,\u00a0haciendo\u00a0de\u00a0este\u00a0vestido\u00a0una\u00a0opci\u00f3n\u00a0ideal\u00a0para\u00a0ocasiones\u00a0especiales\u00a0o\u00a0d\u00edas\u00a0soleados\u00a0al\u00a0aire\u00a0libre.\u00a0Es\u00a0una\u00a0pieza\u00a0que\u00a0combina\u00a0tradici\u00f3n\u00a0y\u00a0modernidad\u00a0con\u00a0gran\u00a0armon\u00eda.Composici\u00f3n: 100% algod\u00f3n. Lavar a mano, no usar secadora y planchar a baja temperatura. Disponible en tallas: S\/M y M\/L.\" \/>\n<meta property=\"og:url\" content=\"https:\/\/www.niamoda.es\/index.php\/producto\/vestido-largo-mauritius-piti-cuiti-para-este-verano\/\" \/>\n<meta property=\"og:site_name\" content=\"Nia Moda - Moda y Belleza\" \/>\n<meta property=\"article:modified_time\" content=\"2025-09-20T18:32:02+00:00\" \/>\n<meta property=\"og:image\" content=\"https:\/\/www.niamoda.es\/wp-content\/uploads\/2025\/06\/PITICUITI_CAMPANA_WEB_00-248-1.jpg\" \/>\n\t<meta property=\"og:image:width\" content=\"1394\" \/>\n\t<meta property=\"og:image:height\" content=\"2091\" \/>\n\t<meta property=\"og:image:type\" content=\"image\/jpeg\" \/>\n<meta name=\"twitter:card\" content=\"summary_large_image\" \/>\n<meta name=\"twitter:label1\" content=\"Tiempo de lectura\" \/>\n\t<meta name=\"twitter:data1\" content=\"1 minuto\" \/>\n<script type=\"application\/ld+json\" class=\"yoast-schema-graph\">{\"@context\":\"https:\/\/schema.org\",\"@graph\":[{\"@type\":\"WebPage\",\"@id\":\"https:\/\/www.niamoda.es\/index.php\/producto\/vestido-largo-mauritius-piti-cuiti-para-este-verano\/\",\"url\":\"https:\/\/www.niamoda.es\/index.php\/producto\/vestido-largo-mauritius-piti-cuiti-para-este-verano\/\",\"name\":\"Vestido largo Mauritius Piti Cuiti para este verano - Nia Moda - Moda y Belleza\",\"isPartOf\":{\"@id\":\"https:\/\/www.niamoda.es\/#website\"},\"primaryImageOfPage\":{\"@id\":\"https:\/\/www.niamoda.es\/index.php\/producto\/vestido-largo-mauritius-piti-cuiti-para-este-verano\/#primaryimage\"},\"image\":{\"@id\":\"https:\/\/www.niamoda.es\/index.php\/producto\/vestido-largo-mauritius-piti-cuiti-para-este-verano\/#primaryimage\"},\"thumbnailUrl\":\"https:\/\/www.niamoda.es\/wp-content\/uploads\/2025\/06\/PITICUITI_CAMPANA_WEB_00-248-1.jpg\",\"datePublished\":\"2025-06-02T15:58:10+00:00\",\"dateModified\":\"2025-09-20T18:32:02+00:00\",\"breadcrumb\":{\"@id\":\"https:\/\/www.niamoda.es\/index.php\/producto\/vestido-largo-mauritius-piti-cuiti-para-este-verano\/#breadcrumb\"},\"inLanguage\":\"es\",\"potentialAction\":[{\"@type\":\"ReadAction\",\"target\":[\"https:\/\/www.niamoda.es\/index.php\/producto\/vestido-largo-mauritius-piti-cuiti-para-este-verano\/\"]}]},{\"@type\":\"ImageObject\",\"inLanguage\":\"es\",\"@id\":\"https:\/\/www.niamoda.es\/index.php\/producto\/vestido-largo-mauritius-piti-cuiti-para-este-verano\/#primaryimage\",\"url\":\"https:\/\/www.niamoda.es\/wp-content\/uploads\/2025\/06\/PITICUITI_CAMPANA_WEB_00-248-1.jpg\",\"contentUrl\":\"https:\/\/www.niamoda.es\/wp-content\/uploads\/2025\/06\/PITICUITI_CAMPANA_WEB_00-248-1.jpg\",\"width\":1394,\"height\":2091},{\"@type\":\"BreadcrumbList\",\"@id\":\"https:\/\/www.niamoda.es\/index.php\/producto\/vestido-largo-mauritius-piti-cuiti-para-este-verano\/#breadcrumb\",\"itemListElement\":[{\"@type\":\"ListItem\",\"position\":1,\"name\":\"Portada\",\"item\":\"https:\/\/www.niamoda.es\/\"},{\"@type\":\"ListItem\",\"position\":2,\"name\":\"Tienda\",\"item\":\"https:\/\/www.niamoda.es\/index.php\/tienda\/\"},{\"@type\":\"ListItem\",\"position\":3,\"name\":\"Vestido largo Mauritius Piti Cuiti para este verano\"}]},{\"@type\":\"WebSite\",\"@id\":\"https:\/\/www.niamoda.es\/#website\",\"url\":\"https:\/\/www.niamoda.es\/\",\"name\":\"Nia Moda - Moda y Belleza\",\"description\":\"\",\"publisher\":{\"@id\":\"https:\/\/www.niamoda.es\/#organization\"},\"potentialAction\":[{\"@type\":\"SearchAction\",\"target\":{\"@type\":\"EntryPoint\",\"urlTemplate\":\"https:\/\/www.niamoda.es\/?s={search_term_string}\"},\"query-input\":\"required name=search_term_string\"}],\"inLanguage\":\"es\"},{\"@type\":\"Organization\",\"@id\":\"https:\/\/www.niamoda.es\/#organization\",\"name\":\"N\u00ceA Moda&Belleza\",\"url\":\"https:\/\/www.niamoda.es\/\",\"logo\":{\"@type\":\"ImageObject\",\"inLanguage\":\"es\",\"@id\":\"https:\/\/www.niamoda.es\/#\/schema\/logo\/image\/\",\"url\":\"https:\/\/www.niamoda.es\/wp-content\/uploads\/2026\/03\/nialogo.jpg\",\"contentUrl\":\"https:\/\/www.niamoda.es\/wp-content\/uploads\/2026\/03\/nialogo.jpg\",\"width\":361,\"height\":242,\"caption\":\"N\u00ceA Moda&Belleza\"},\"image\":{\"@id\":\"https:\/\/www.niamoda.es\/#\/schema\/logo\/image\/\"}}]}<\/script>\n<!-- \/ Yoast SEO plugin. -->","yoast_head_json":{"title":"Vestido largo Mauritius Piti Cuiti para este verano - Nia Moda - Moda y Belleza","robots":{"index":"index","follow":"follow","max-snippet":"max-snippet:-1","max-image-preview":"max-image-preview:large","max-video-preview":"max-video-preview:-1"},"canonical":"https:\/\/www.niamoda.es\/index.php\/producto\/vestido-largo-mauritius-piti-cuiti-para-este-verano\/","og_locale":"es_ES","og_type":"article","og_title":"Vestido largo Mauritius Piti Cuiti para este verano - Nia Moda - Moda y Belleza","og_description":"Vestido Piti Cuiti Este\u00a0vestido\u00a0largo\u00a0destaca\u00a0por\u00a0su\u00a0delicado\u00a0estampado\u00a0paisley\u00a0en\u00a0tonos\u00a0rosados\u00a0sobre\u00a0un\u00a0fondo\u00a0blanco,\u00a0acentuado\u00a0con\u00a0franjas\u00a0marrones\u00a0que\u00a0definen\u00a0y\u00a0enriquecen\u00a0su\u00a0dise\u00f1o.\u00a0El\u00a0busto\u00a0del\u00a0vestido\u00a0presenta\u00a0una\u00a0textura\u00a0de\u00a0crochet\u00a0en\u00a0un\u00a0color\u00a0marr\u00f3n\u00a0suave,\u00a0aportando\u00a0un\u00a0contraste\u00a0t\u00e1ctil\u00a0y\u00a0visual.\u00a0Sus\u00a0finos\u00a0tirantes,\u00a0ajustables\u00a0mediante\u00a0lazos\u00a0con\u00a0borlas.\u00a0La\u00a0falda\u00a0fluye\u00a0con\u00a0elegancia\u00a0hasta\u00a0el\u00a0suelo,\u00a0con\u00a0volantes\u00a0que\u00a0a\u00f1aden\u00a0movimiento\u00a0y\u00a0dinamismo.\u00a0Su\u00a0corte,\u00a0junto\u00a0con\u00a0el\u00a0dise\u00f1o\u00a0espalda\u00a0descubierta,\u00a0realza\u00a0la\u00a0figura\u00a0de\u00a0manera\u00a0sutil,\u00a0haciendo\u00a0de\u00a0este\u00a0vestido\u00a0una\u00a0opci\u00f3n\u00a0ideal\u00a0para\u00a0ocasiones\u00a0especiales\u00a0o\u00a0d\u00edas\u00a0soleados\u00a0al\u00a0aire\u00a0libre.\u00a0Es\u00a0una\u00a0pieza\u00a0que\u00a0combina\u00a0tradici\u00f3n\u00a0y\u00a0modernidad\u00a0con\u00a0gran\u00a0armon\u00eda.Composici\u00f3n: 100% algod\u00f3n. Lavar a mano, no usar secadora y planchar a baja temperatura. Disponible en tallas: S\/M y M\/L.","og_url":"https:\/\/www.niamoda.es\/index.php\/producto\/vestido-largo-mauritius-piti-cuiti-para-este-verano\/","og_site_name":"Nia Moda - Moda y Belleza","article_modified_time":"2025-09-20T18:32:02+00:00","og_image":[{"width":1394,"height":2091,"url":"https:\/\/www.niamoda.es\/wp-content\/uploads\/2025\/06\/PITICUITI_CAMPANA_WEB_00-248-1.jpg","type":"image\/jpeg"}],"twitter_card":"summary_large_image","twitter_misc":{"Tiempo de lectura":"1 minuto"},"schema":{"@context":"https:\/\/schema.org","@graph":[{"@type":"WebPage","@id":"https:\/\/www.niamoda.es\/index.php\/producto\/vestido-largo-mauritius-piti-cuiti-para-este-verano\/","url":"https:\/\/www.niamoda.es\/index.php\/producto\/vestido-largo-mauritius-piti-cuiti-para-este-verano\/","name":"Vestido largo Mauritius Piti Cuiti para este verano - Nia Moda - Moda y Belleza","isPartOf":{"@id":"https:\/\/www.niamoda.es\/#website"},"primaryImageOfPage":{"@id":"https:\/\/www.niamoda.es\/index.php\/producto\/vestido-largo-mauritius-piti-cuiti-para-este-verano\/#primaryimage"},"image":{"@id":"https:\/\/www.niamoda.es\/index.php\/producto\/vestido-largo-mauritius-piti-cuiti-para-este-verano\/#primaryimage"},"thumbnailUrl":"https:\/\/www.niamoda.es\/wp-content\/uploads\/2025\/06\/PITICUITI_CAMPANA_WEB_00-248-1.jpg","datePublished":"2025-06-02T15:58:10+00:00","dateModified":"2025-09-20T18:32:02+00:00","breadcrumb":{"@id":"https:\/\/www.niamoda.es\/index.php\/producto\/vestido-largo-mauritius-piti-cuiti-para-este-verano\/#breadcrumb"},"inLanguage":"es","potentialAction":[{"@type":"ReadAction","target":["https:\/\/www.niamoda.es\/index.php\/producto\/vestido-largo-mauritius-piti-cuiti-para-este-verano\/"]}]},{"@type":"ImageObject","inLanguage":"es","@id":"https:\/\/www.niamoda.es\/index.php\/producto\/vestido-largo-mauritius-piti-cuiti-para-este-verano\/#primaryimage","url":"https:\/\/www.niamoda.es\/wp-content\/uploads\/2025\/06\/PITICUITI_CAMPANA_WEB_00-248-1.jpg","contentUrl":"https:\/\/www.niamoda.es\/wp-content\/uploads\/2025\/06\/PITICUITI_CAMPANA_WEB_00-248-1.jpg","width":1394,"height":2091},{"@type":"BreadcrumbList","@id":"https:\/\/www.niamoda.es\/index.php\/producto\/vestido-largo-mauritius-piti-cuiti-para-este-verano\/#breadcrumb","itemListElement":[{"@type":"ListItem","position":1,"name":"Portada","item":"https:\/\/www.niamoda.es\/"},{"@type":"ListItem","position":2,"name":"Tienda","item":"https:\/\/www.niamoda.es\/index.php\/tienda\/"},{"@type":"ListItem","position":3,"name":"Vestido largo Mauritius Piti Cuiti para este verano"}]},{"@type":"WebSite","@id":"https:\/\/www.niamoda.es\/#website","url":"https:\/\/www.niamoda.es\/","name":"Nia Moda - Moda y Belleza","description":"","publisher":{"@id":"https:\/\/www.niamoda.es\/#organization"},"potentialAction":[{"@type":"SearchAction","target":{"@type":"EntryPoint","urlTemplate":"https:\/\/www.niamoda.es\/?s={search_term_string}"},"query-input":"required name=search_term_string"}],"inLanguage":"es"},{"@type":"Organization","@id":"https:\/\/www.niamoda.es\/#organization","name":"N\u00ceA Moda&Belleza","url":"https:\/\/www.niamoda.es\/","logo":{"@type":"ImageObject","inLanguage":"es","@id":"https:\/\/www.niamoda.es\/#\/schema\/logo\/image\/","url":"https:\/\/www.niamoda.es\/wp-content\/uploads\/2026\/03\/nialogo.jpg","contentUrl":"https:\/\/www.niamoda.es\/wp-content\/uploads\/2026\/03\/nialogo.jpg","width":361,"height":242,"caption":"N\u00ceA Moda&Belleza"},"image":{"@id":"https:\/\/www.niamoda.es\/#\/schema\/logo\/image\/"}}]}},"_links":{"self":[{"href":"https:\/\/www.niamoda.es\/index.php\/wp-json\/wp\/v2\/product\/6608","targetHints":{"allow":["GET"]}}],"collection":[{"href":"https:\/\/www.niamoda.es\/index.php\/wp-json\/wp\/v2\/product"}],"about":[{"href":"https:\/\/www.niamoda.es\/index.php\/wp-json\/wp\/v2\/types\/product"}],"replies":[{"embeddable":true,"href":"https:\/\/www.niamoda.es\/index.php\/wp-json\/wp\/v2\/comments?post=6608"}],"wp:featuredmedia":[{"embeddable":true,"href":"https:\/\/www.niamoda.es\/index.php\/wp-json\/wp\/v2\/media\/6611"}],"wp:attachment":[{"href":"https:\/\/www.niamoda.es\/index.php\/wp-json\/wp\/v2\/media?parent=6608"}],"wp:term":[{"taxonomy":"product_cat","embeddable":true,"href":"https:\/\/www.niamoda.es\/index.php\/wp-json\/wp\/v2\/product_cat?post=6608"},{"taxonomy":"product_tag","embeddable":true,"href":"https:\/\/www.niamoda.es\/index.php\/wp-json\/wp\/v2\/product_tag?post=6608"}],"curies":[{"name":"wp","href":"https:\/\/api.w.org\/{rel}","templated":true}]}}